{"id":2306,"date":"2024-10-29T09:29:15","date_gmt":"2024-10-29T08:29:15","guid":{"rendered":"https:\/\/fugadosalcatraz.com\/?page_id=2306"},"modified":"2024-10-29T14:27:27","modified_gmt":"2024-10-29T13:27:27","slug":"grup-musical-per-a-festa-privada-barcelona","status":"publish","type":"page","link":"https:\/\/fugadosalcatraz.com\/es\/contractacions\/grup-versions-festa-major\/grup-musical-per-a-festa-privada-barcelona\/","title":{"rendered":"Grup musical per a festa privada Barcelona"},"content":{"rendered":"<style>.kb-row-layout-id2306_2e1b8f-86 > .kt-row-column-wrap{align-content:start;}:where(.kb-row-layout-id2306_2e1b8f-86 > .kt-row-column-wrap) > .wp-block-kadence-column{justify-content:start;}.kb-row-layout-id2306_2e1b8f-86 > .kt-row-column-wrap{column-gap:var(--global-kb-gap-md, 2rem);row-gap:var(--global-kb-gap-md, 2rem);max-width:var( --global-content-width, 1290px );padding-left:var(--global-content-edge-padding);padding-right:var(--global-content-edge-padding);padding-top:200px;padding-bottom:90px;grid-template-columns:minmax(0, 1fr);}.kb-row-layout-id2306_2e1b8f-86 > .kt-row-layout-overlay{opacity:0.56;background:radial-gradient(ellipse at right top, #e539fd 0%, var(--global-palette3) 92%);mix-blend-mode:multiply;}@media all and (max-width: 1024px){.kb-row-layout-id2306_2e1b8f-86 > .kt-row-column-wrap{grid-template-columns:minmax(0, 1fr);}}@media all and (max-width: 767px){.kb-row-layout-id2306_2e1b8f-86 > .kt-row-column-wrap{padding-top:var(--global-kb-spacing-4xl, 8rem);grid-template-columns:minmax(0, 1fr);}}<\/style><div class=\"kb-row-layout-wrap kb-row-layout-id2306_2e1b8f-86 alignnone has-theme-palette3-background-color kt-row-has-bg wp-block-kadence-rowlayout\"><div class=\"kt-row-layout-overlay kt-row-overlay-gradient\"><\/div><div class=\"kt-row-column-wrap kt-has-1-columns kt-row-layout-equal kt-tab-layout-inherit kt-mobile-layout-row kt-row-valign-top kb-theme-content-width\">\n<style>.kadence-column2306_e08c40-5e > .kt-inside-inner-col,.kadence-column2306_e08c40-5e > .kt-inside-inner-col:before{border-top-left-radius:0px;border-top-right-radius:0px;border-bottom-right-radius:0px;border-bottom-left-radius:0px;}.kadence-column2306_e08c40-5e > .kt-inside-inner-col{column-gap:var(--global-kb-gap-sm, 1rem);}.kadence-column2306_e08c40-5e > .kt-inside-inner-col{flex-direction:column;}.kadence-column2306_e08c40-5e > .kt-inside-inner-col > .aligncenter{width:100%;}.kadence-column2306_e08c40-5e > .kt-inside-inner-col:before{opacity:0.3;}.kadence-column2306_e08c40-5e{position:relative;}@media all and (max-width: 1024px){.kadence-column2306_e08c40-5e > .kt-inside-inner-col{flex-direction:column;justify-content:center;}}@media all and (max-width: 767px){.kadence-column2306_e08c40-5e > .kt-inside-inner-col{flex-direction:column;justify-content:center;}}<\/style>\n<div class=\"wp-block-kadence-column kadence-column2306_e08c40-5e inner-column-1\"><div class=\"kt-inside-inner-col\"><style>.wp-block-kadence-advancedheading.kt-adv-heading2306_fffc9f-b8, .wp-block-kadence-advancedheading.kt-adv-heading2306_fffc9f-b8[data-kb-block=\"kb-adv-heading2306_fffc9f-b8\"]{margin-top:0px;text-align:center;font-style:normal;}.wp-block-kadence-advancedheading.kt-adv-heading2306_fffc9f-b8 mark.kt-highlight, .wp-block-kadence-advancedheading.kt-adv-heading2306_fffc9f-b8[data-kb-block=\"kb-adv-heading2306_fffc9f-b8\"] mark.kt-highlight{font-style:normal;color:#f76a0c;-webkit-box-decoration-break:clone;box-decoration-break:clone;padding-top:0px;padding-right:0px;padding-bottom:0px;padding-left:0px;}.wp-block-kadence-advancedheading.kt-adv-heading2306_fffc9f-b8 img.kb-inline-image, .wp-block-kadence-advancedheading.kt-adv-heading2306_fffc9f-b8[data-kb-block=\"kb-adv-heading2306_fffc9f-b8\"] img.kb-inline-image{width:150px;vertical-align:baseline;}@media all and (max-width: 1024px){.wp-block-kadence-advancedheading.kt-adv-heading2306_fffc9f-b8, .wp-block-kadence-advancedheading.kt-adv-heading2306_fffc9f-b8[data-kb-block=\"kb-adv-heading2306_fffc9f-b8\"]{font-size:60px;}}@media all and (max-width: 767px){.wp-block-kadence-advancedheading.kt-adv-heading2306_fffc9f-b8, .wp-block-kadence-advancedheading.kt-adv-heading2306_fffc9f-b8[data-kb-block=\"kb-adv-heading2306_fffc9f-b8\"]{font-size:26px;}}<\/style>\n<h1 class=\"kt-adv-heading2306_fffc9f-b8 wp-block-kadence-advancedheading has-theme-palette-9-color has-text-color\" data-kb-block=\"kb-adv-heading2306_fffc9f-b8\">Grup musical per a festa privada Barcelona<\/h1>\n\n\n<style>.wp-block-kadence-advancedheading.kt-adv-heading2306_6032b4-ba, .wp-block-kadence-advancedheading.kt-adv-heading2306_6032b4-ba[data-kb-block=\"kb-adv-heading2306_6032b4-ba\"]{text-align:center;font-style:normal;}.wp-block-kadence-advancedheading.kt-adv-heading2306_6032b4-ba mark.kt-highlight, .wp-block-kadence-advancedheading.kt-adv-heading2306_6032b4-ba[data-kb-block=\"kb-adv-heading2306_6032b4-ba\"] mark.kt-highlight{font-style:normal;color:#f76a0c;-webkit-box-decoration-break:clone;box-decoration-break:clone;padding-top:0px;padding-right:0px;padding-bottom:0px;padding-left:0px;}.wp-block-kadence-advancedheading.kt-adv-heading2306_6032b4-ba img.kb-inline-image, .wp-block-kadence-advancedheading.kt-adv-heading2306_6032b4-ba[data-kb-block=\"kb-adv-heading2306_6032b4-ba\"] img.kb-inline-image{width:150px;vertical-align:baseline;}<\/style>\n<p class=\"kt-adv-heading2306_6032b4-ba wp-block-kadence-advancedheading has-theme-palette-9-color has-text-color\" data-kb-block=\"kb-adv-heading2306_6032b4-ba\"><a href=\"https:\/\/startertemplatecloud.com\/e18\/#\"><\/a><\/p>\n<\/div><\/div>\n\n<\/div><\/div>\n\n<style>.kb-row-layout-id2306_1469fa-48 > .kt-row-column-wrap{align-content:start;}:where(.kb-row-layout-id2306_1469fa-48 > .kt-row-column-wrap) > .wp-block-kadence-column{justify-content:start;}.kb-row-layout-id2306_1469fa-48 > .kt-row-column-wrap{column-gap:var(--global-kb-gap-lg, 4rem);row-gap:var(--global-kb-gap-md, 2rem);max-width:var( --global-content-width, 1290px );padding-left:var(--global-content-edge-padding);padding-right:var(--global-content-edge-padding);padding-top:80px;padding-bottom:80px;grid-template-columns:repeat(2, minmax(0, 1fr));}.kb-row-layout-id2306_1469fa-48 > .kt-row-layout-overlay{opacity:0.30;}@media all and (max-width: 1024px){.kb-row-layout-id2306_1469fa-48 > .kt-row-column-wrap{grid-template-columns:repeat(2, minmax(0, 1fr));}}@media all and (max-width: 767px){.kb-row-layout-id2306_1469fa-48 > .kt-row-column-wrap{grid-template-columns:minmax(0, 1fr);}}<\/style><div class=\"kb-row-layout-wrap kb-row-layout-id2306_1469fa-48 alignnone wp-block-kadence-rowlayout\"><div class=\"kt-row-column-wrap kt-has-2-columns kt-row-layout-equal kt-tab-layout-inherit kt-mobile-layout-row kt-row-valign-top kb-theme-content-width\">\n<style>.kadence-column2306_10056b-1d > .kt-inside-inner-col,.kadence-column2306_10056b-1d > .kt-inside-inner-col:before{border-top-left-radius:0px;border-top-right-radius:0px;border-bottom-right-radius:0px;border-bottom-left-radius:0px;}.kadence-column2306_10056b-1d > .kt-inside-inner-col{column-gap:var(--global-kb-gap-sm, 1rem);}.kadence-column2306_10056b-1d > .kt-inside-inner-col{flex-direction:column;}.kadence-column2306_10056b-1d > .kt-inside-inner-col > .aligncenter{width:100%;}.kadence-column2306_10056b-1d > .kt-inside-inner-col:before{opacity:0.3;}.kadence-column2306_10056b-1d{position:relative;}@media all and (max-width: 1024px){.kadence-column2306_10056b-1d > .kt-inside-inner-col{flex-direction:column;justify-content:center;}}@media all and (max-width: 767px){.kadence-column2306_10056b-1d > .kt-inside-inner-col{flex-direction:column;justify-content:center;}}<\/style>\n<div class=\"wp-block-kadence-column kadence-column2306_10056b-1d inner-column-1\"><div class=\"kt-inside-inner-col\">\n<h3 class=\"wp-block-heading\">Grup Musical per a Festa Privada Barcelona: Fugados de Alcatraz per a Celebracions Memorables<\/h3>\n\n\n\n<p>Si busques un <strong>grup musical per a festa privada a Barcelona<\/strong> que porti energia, records i diversi\u00f3 a la teva celebraci\u00f3, Fugados de Alcatraz \u00e9s l\u2019elecci\u00f3 perfecta. Som una banda de versions dels 80, 90 i principis dels 2000, creada amb l\u2019objectiu de reviure la millor m\u00fasica de la nostra joventut i compartir-la en esdeveniments \u00fanics. Amb m\u00e9s de 100 can\u00e7ons en dues hores d\u2019actuaci\u00f3, garantim un espectacle vibrant, amb ritmes que faran ballar i cantar a tothom en cada moment de la festa.<\/p>\n\n\n\n<h3 class=\"wp-block-heading\">Els Nostres Serveis com a Grup Musical per a Festa Privada Barcelona<\/h3>\n\n\n\n<p>Com a <strong>grup musical per a festa privada a Barcelona<\/strong>, oferim una actuaci\u00f3 completa que adapta el nostre repertori a les prefer\u00e8ncies del p\u00fablic per assegurar-nos que cada instant de la festa sigui especial. Fugados de Alcatraz destaca per la seva versatilitat, combinant \u00e8xits de rock, pop i m\u00fasica popular que encaixen amb qualsevol ambient. Tant si est\u00e0s organitzant un aniversari, una festa d\u2019empresa, un casament o qualsevol altre esdeveniment, el nostre objectiu \u00e9s fer que la teva festa sigui memorable amb una atmosfera c\u00e0lida, en\u00e8rgica i captivadora.<\/p>\n\n\n\n<p>Cadascun dels nostres espectacles \u00e9s dissenyat per garantir que tothom gaudeixi al m\u00e0xim. Ens adaptem a les necessitats de cada esdeveniment, fent que el nostre p\u00fablic se senti part de l\u2019espectacle, connectant amb els \u00e8xits m\u00e9s emblem\u00e0tics de les \u00faltimes d\u00e8cades i oferint una experi\u00e8ncia musical \u00fanica a Barcelona.<\/p>\n<\/div><\/div>\n\n\n<style>.kadence-column2306_e8a5b2-57 > .kt-inside-inner-col,.kadence-column2306_e8a5b2-57 > .kt-inside-inner-col:before{border-top-left-radius:0px;border-top-right-radius:0px;border-bottom-right-radius:0px;border-bottom-left-radius:0px;}.kadence-column2306_e8a5b2-57 > .kt-inside-inner-col{column-gap:var(--global-kb-gap-sm, 1rem);}.kadence-column2306_e8a5b2-57 > .kt-inside-inner-col{flex-direction:column;}.kadence-column2306_e8a5b2-57 > .kt-inside-inner-col > .aligncenter{width:100%;}.kadence-column2306_e8a5b2-57 > .kt-inside-inner-col:before{opacity:0.3;}.kadence-column2306_e8a5b2-57{position:relative;}@media all and (max-width: 1024px){.kadence-column2306_e8a5b2-57 > .kt-inside-inner-col{flex-direction:column;justify-content:center;}}@media all and (max-width: 767px){.kadence-column2306_e8a5b2-57 > .kt-inside-inner-col{flex-direction:column;justify-content:center;}}<\/style>\n<div class=\"wp-block-kadence-column kadence-column2306_e8a5b2-57\"><div class=\"kt-inside-inner-col\">\n<figure class=\"wp-block-image size-full\"><img loading=\"lazy\" decoding=\"async\" width=\"940\" height=\"788\" src=\"https:\/\/fugadosalcatraz.com\/wp-content\/uploads\/2024\/04\/Fugados-de-Alcatraz.jpg\" alt=\"\" class=\"wp-image-1898\" srcset=\"https:\/\/fugadosalcatraz.com\/wp-content\/uploads\/2024\/04\/Fugados-de-Alcatraz.jpg 940w, https:\/\/fugadosalcatraz.com\/wp-content\/uploads\/2024\/04\/Fugados-de-Alcatraz-300x251.jpg 300w, https:\/\/fugadosalcatraz.com\/wp-content\/uploads\/2024\/04\/Fugados-de-Alcatraz-768x644.jpg 768w, https:\/\/fugadosalcatraz.com\/wp-content\/uploads\/2024\/04\/Fugados-de-Alcatraz-14x12.jpg 14w\" sizes=\"auto, (max-width: 940px) 100vw, 940px\" \/><\/figure>\n\n\n\n<h3 class=\"wp-block-heading\"><strong>Grup Musical per a Festa Privada Barcelona: Diversi\u00f3 i M\u00fasica Assegurada amb Fugados de Alcatraz<\/strong><\/h3>\n\n\n\n<p>Amb Fugados de Alcatraz, la teva festa privada a Barcelona tindr\u00e0 una din\u00e0mica \u00fanica. Som el <strong>grup musical per a festa privada a Barcelona<\/strong> que aporta una fusi\u00f3 entre nost\u00e0lgia i actualitat, convertint la m\u00fasica en una eina poderosa per crear records amb les persones m\u00e9s especials. El nostre espectacle fa que la diversi\u00f3 sigui l\u2019element central de la festa, amb can\u00e7ons que tothom coneix i estima.<\/p>\n\n\n\n<p>Amb anys d\u2019experi\u00e8ncia com a <strong>grup musical per a festa privada a Barcelona<\/strong>, el nostre objectiu \u00e9s fer que cada festa sigui un moment per recordar. Fugados de Alcatraz ofereix no nom\u00e9s m\u00fasica, sin\u00f3 una experi\u00e8ncia completa, on la passi\u00f3 pel que fem es transmet en cada can\u00e7\u00f3, fent que la teva celebraci\u00f3 sigui \u00fanica. Si vols que la teva festa a Barcelona sigui inoblidable, confia en Fugados de Alcatraz i deixa que la nostra m\u00fasica faci vibrar l\u2019ambient, aportant energia i emoci\u00f3 a cada segon.<\/p>\n<\/div><\/div>\n\n<\/div><\/div>","protected":false},"excerpt":{"rendered":"<p>Grup musical per a festa privada Barcelona Grup Musical per a Festa Privada Barcelona: Fugados de Alcatraz per a Celebracions Memorables Si busques un grup musical per a festa privada&#8230;<\/p>","protected":false},"author":4,"featured_media":506,"parent":927,"menu_order":0,"comment_status":"closed","ping_status":"closed","template":"","meta":{"_kad_blocks_custom_css":"","_kad_blocks_head_custom_js":"","_kad_blocks_body_custom_js":"","_kad_blocks_footer_custom_js":"","_EventAllDay":false,"_EventTimezone":"","_EventStartDate":"","_EventEndDate":"","_EventStartDateUTC":"","_EventEndDateUTC":"","_EventShowMap":false,"_EventShowMapLink":false,"_EventURL":"","_EventCost":"","_EventCostDescription":"","_EventCurrencySymbol":"","_EventCurrencyCode":"","_EventCurrencyPosition":"","_EventDateTimeSeparator":"","_EventTimeRangeSeparator":"","_EventOrganizerID":[],"_EventVenueID":[],"_OrganizerEmail":"","_OrganizerPhone":"","_OrganizerWebsite":"","_VenueAddress":"","_VenueCity":"","_VenueCountry":"","_VenueProvince":"","_VenueState":"","_VenueZip":"","_VenuePhone":"","_VenueURL":"","_VenueStateProvince":"","_VenueLat":"","_VenueLng":"","_VenueShowMap":false,"_VenueShowMapLink":false,"_kad_post_transparent":"","_kad_post_title":"hide","_kad_post_layout":"fullwidth","_kad_post_sidebar_id":"","_kad_post_content_style":"unboxed","_kad_post_vertical_padding":"hide","_kad_post_feature":"hide","_kad_post_feature_position":"","_kad_post_header":false,"_kad_post_footer":false,"_kad_post_classname":"","footnotes":""},"class_list":["post-2306","page","type-page","status-publish","has-post-thumbnail","hentry"],"yoast_head":"<!-- This site is optimized with the Yoast SEO plugin v27.2 - https:\/\/yoast.com\/product\/yoast-seo-wordpress\/ -->\n<title>Grup musical per a festa privada Barcelona - Grupo de versiones<\/title>\n<meta name=\"robots\" content=\"index, follow, max-snippet:-1, max-image-preview:large, max-video-preview:-1\" \/>\n<link rel=\"canonical\" href=\"https:\/\/fugadosalcatraz.com\/es\/contractacions\/grup-versions-festa-major\/grup-musical-per-a-festa-privada-barcelona\/\" \/>\n<meta property=\"og:locale\" content=\"es_ES\" \/>\n<meta property=\"og:type\" content=\"article\" \/>\n<meta property=\"og:title\" content=\"Grup musical per a festa privada Barcelona - Grupo de versiones\" \/>\n<meta property=\"og:description\" content=\"Grup musical per a festa privada Barcelona Grup Musical per a Festa Privada Barcelona: Fugados de Alcatraz per a Celebracions Memorables Si busques un grup musical per a festa privada...\" \/>\n<meta property=\"og:url\" content=\"https:\/\/fugadosalcatraz.com\/es\/contractacions\/grup-versions-festa-major\/grup-musical-per-a-festa-privada-barcelona\/\" \/>\n<meta property=\"og:site_name\" content=\"Grupo de versiones\" \/>\n<meta property=\"article:modified_time\" content=\"2024-10-29T13:27:27+00:00\" \/>\n<meta property=\"og:image\" content=\"https:\/\/fugadosalcatraz.com\/wp-content\/uploads\/2022\/05\/Registration-1.jpeg\" \/>\n\t<meta property=\"og:image:width\" content=\"1600\" \/>\n\t<meta property=\"og:image:height\" content=\"2083\" \/>\n\t<meta property=\"og:image:type\" content=\"image\/jpeg\" \/>\n<meta name=\"twitter:card\" content=\"summary_large_image\" \/>\n<meta name=\"twitter:label1\" content=\"Tiempo de lectura\" \/>\n\t<meta name=\"twitter:data1\" content=\"3 minutos\" \/>\n<script type=\"application\/ld+json\" class=\"yoast-schema-graph\">{\"@context\":\"https:\/\/schema.org\",\"@graph\":[{\"@type\":\"WebPage\",\"@id\":\"https:\/\/fugadosalcatraz.com\/contractacions\/grup-versions-festa-major\/grup-musical-per-a-festa-privada-barcelona\/\",\"url\":\"https:\/\/fugadosalcatraz.com\/contractacions\/grup-versions-festa-major\/grup-musical-per-a-festa-privada-barcelona\/\",\"name\":\"Grup musical per a festa privada Barcelona - Grupo de versiones\",\"isPartOf\":{\"@id\":\"https:\/\/fugadosalcatraz.com\/#website\"},\"primaryImageOfPage\":{\"@id\":\"https:\/\/fugadosalcatraz.com\/contractacions\/grup-versions-festa-major\/grup-musical-per-a-festa-privada-barcelona\/#primaryimage\"},\"image\":{\"@id\":\"https:\/\/fugadosalcatraz.com\/contractacions\/grup-versions-festa-major\/grup-musical-per-a-festa-privada-barcelona\/#primaryimage\"},\"thumbnailUrl\":\"https:\/\/fugadosalcatraz.com\/wp-content\/uploads\/2022\/05\/Registration-1.jpeg\",\"datePublished\":\"2024-10-29T08:29:15+00:00\",\"dateModified\":\"2024-10-29T13:27:27+00:00\",\"breadcrumb\":{\"@id\":\"https:\/\/fugadosalcatraz.com\/contractacions\/grup-versions-festa-major\/grup-musical-per-a-festa-privada-barcelona\/#breadcrumb\"},\"inLanguage\":\"es\",\"potentialAction\":[{\"@type\":\"ReadAction\",\"target\":[\"https:\/\/fugadosalcatraz.com\/contractacions\/grup-versions-festa-major\/grup-musical-per-a-festa-privada-barcelona\/\"]}]},{\"@type\":\"ImageObject\",\"inLanguage\":\"es\",\"@id\":\"https:\/\/fugadosalcatraz.com\/contractacions\/grup-versions-festa-major\/grup-musical-per-a-festa-privada-barcelona\/#primaryimage\",\"url\":\"https:\/\/fugadosalcatraz.com\/wp-content\/uploads\/2022\/05\/Registration-1.jpeg\",\"contentUrl\":\"https:\/\/fugadosalcatraz.com\/wp-content\/uploads\/2022\/05\/Registration-1.jpeg\",\"width\":1600,\"height\":2083},{\"@type\":\"BreadcrumbList\",\"@id\":\"https:\/\/fugadosalcatraz.com\/contractacions\/grup-versions-festa-major\/grup-musical-per-a-festa-privada-barcelona\/#breadcrumb\",\"itemListElement\":[{\"@type\":\"ListItem\",\"position\":1,\"name\":\"Inici\",\"item\":\"https:\/\/fugadosalcatraz.com\/\"},{\"@type\":\"ListItem\",\"position\":2,\"name\":\"Contractacions\",\"item\":\"https:\/\/fugadosalcatraz.com\/contractacions\/\"},{\"@type\":\"ListItem\",\"position\":3,\"name\":\"Grup versions festa major\",\"item\":\"https:\/\/fugadosalcatraz.com\/contractacions\/grup-versions-festa-major\/\"},{\"@type\":\"ListItem\",\"position\":4,\"name\":\"Grup musical per a festa privada Barcelona\"}]},{\"@type\":\"WebSite\",\"@id\":\"https:\/\/fugadosalcatraz.com\/#website\",\"url\":\"https:\/\/fugadosalcatraz.com\/\",\"name\":\"Grupo de versiones\",\"description\":\"Fugados de Alcatraz\",\"publisher\":{\"@id\":\"https:\/\/fugadosalcatraz.com\/#organization\"},\"potentialAction\":[{\"@type\":\"SearchAction\",\"target\":{\"@type\":\"EntryPoint\",\"urlTemplate\":\"https:\/\/fugadosalcatraz.com\/?s={search_term_string}\"},\"query-input\":{\"@type\":\"PropertyValueSpecification\",\"valueRequired\":true,\"valueName\":\"search_term_string\"}}],\"inLanguage\":\"es\"},{\"@type\":\"Organization\",\"@id\":\"https:\/\/fugadosalcatraz.com\/#organization\",\"name\":\"Grupo de versiones\",\"url\":\"https:\/\/fugadosalcatraz.com\/\",\"logo\":{\"@type\":\"ImageObject\",\"inLanguage\":\"es\",\"@id\":\"https:\/\/fugadosalcatraz.com\/#\/schema\/logo\/image\/\",\"url\":\"https:\/\/fugadosalcatraz.com\/wp-content\/uploads\/2024\/01\/FUGADOS-logo.png\",\"contentUrl\":\"https:\/\/fugadosalcatraz.com\/wp-content\/uploads\/2024\/01\/FUGADOS-logo.png\",\"width\":1200,\"height\":466,\"caption\":\"Grupo de versiones\"},\"image\":{\"@id\":\"https:\/\/fugadosalcatraz.com\/#\/schema\/logo\/image\/\"}}]}<\/script>\n<!-- \/ Yoast SEO plugin. -->","yoast_head_json":{"title":"Grup musical per a festa privada Barcelona - Grupo de versiones","robots":{"index":"index","follow":"follow","max-snippet":"max-snippet:-1","max-image-preview":"max-image-preview:large","max-video-preview":"max-video-preview:-1"},"canonical":"https:\/\/fugadosalcatraz.com\/es\/contractacions\/grup-versions-festa-major\/grup-musical-per-a-festa-privada-barcelona\/","og_locale":"es_ES","og_type":"article","og_title":"Grup musical per a festa privada Barcelona - Grupo de versiones","og_description":"Grup musical per a festa privada Barcelona Grup Musical per a Festa Privada Barcelona: Fugados de Alcatraz per a Celebracions Memorables Si busques un grup musical per a festa privada...","og_url":"https:\/\/fugadosalcatraz.com\/es\/contractacions\/grup-versions-festa-major\/grup-musical-per-a-festa-privada-barcelona\/","og_site_name":"Grupo de versiones","article_modified_time":"2024-10-29T13:27:27+00:00","og_image":[{"width":1600,"height":2083,"url":"https:\/\/fugadosalcatraz.com\/wp-content\/uploads\/2022\/05\/Registration-1.jpeg","type":"image\/jpeg"}],"twitter_card":"summary_large_image","twitter_misc":{"Tiempo de lectura":"3 minutos"},"schema":{"@context":"https:\/\/schema.org","@graph":[{"@type":"WebPage","@id":"https:\/\/fugadosalcatraz.com\/contractacions\/grup-versions-festa-major\/grup-musical-per-a-festa-privada-barcelona\/","url":"https:\/\/fugadosalcatraz.com\/contractacions\/grup-versions-festa-major\/grup-musical-per-a-festa-privada-barcelona\/","name":"Grup musical per a festa privada Barcelona - Grupo de versiones","isPartOf":{"@id":"https:\/\/fugadosalcatraz.com\/#website"},"primaryImageOfPage":{"@id":"https:\/\/fugadosalcatraz.com\/contractacions\/grup-versions-festa-major\/grup-musical-per-a-festa-privada-barcelona\/#primaryimage"},"image":{"@id":"https:\/\/fugadosalcatraz.com\/contractacions\/grup-versions-festa-major\/grup-musical-per-a-festa-privada-barcelona\/#primaryimage"},"thumbnailUrl":"https:\/\/fugadosalcatraz.com\/wp-content\/uploads\/2022\/05\/Registration-1.jpeg","datePublished":"2024-10-29T08:29:15+00:00","dateModified":"2024-10-29T13:27:27+00:00","breadcrumb":{"@id":"https:\/\/fugadosalcatraz.com\/contractacions\/grup-versions-festa-major\/grup-musical-per-a-festa-privada-barcelona\/#breadcrumb"},"inLanguage":"es","potentialAction":[{"@type":"ReadAction","target":["https:\/\/fugadosalcatraz.com\/contractacions\/grup-versions-festa-major\/grup-musical-per-a-festa-privada-barcelona\/"]}]},{"@type":"ImageObject","inLanguage":"es","@id":"https:\/\/fugadosalcatraz.com\/contractacions\/grup-versions-festa-major\/grup-musical-per-a-festa-privada-barcelona\/#primaryimage","url":"https:\/\/fugadosalcatraz.com\/wp-content\/uploads\/2022\/05\/Registration-1.jpeg","contentUrl":"https:\/\/fugadosalcatraz.com\/wp-content\/uploads\/2022\/05\/Registration-1.jpeg","width":1600,"height":2083},{"@type":"BreadcrumbList","@id":"https:\/\/fugadosalcatraz.com\/contractacions\/grup-versions-festa-major\/grup-musical-per-a-festa-privada-barcelona\/#breadcrumb","itemListElement":[{"@type":"ListItem","position":1,"name":"Inici","item":"https:\/\/fugadosalcatraz.com\/"},{"@type":"ListItem","position":2,"name":"Contractacions","item":"https:\/\/fugadosalcatraz.com\/contractacions\/"},{"@type":"ListItem","position":3,"name":"Grup versions festa major","item":"https:\/\/fugadosalcatraz.com\/contractacions\/grup-versions-festa-major\/"},{"@type":"ListItem","position":4,"name":"Grup musical per a festa privada Barcelona"}]},{"@type":"WebSite","@id":"https:\/\/fugadosalcatraz.com\/#website","url":"https:\/\/fugadosalcatraz.com\/","name":"Grupo de versiones","description":"Fugados de Alcatraz","publisher":{"@id":"https:\/\/fugadosalcatraz.com\/#organization"},"potentialAction":[{"@type":"SearchAction","target":{"@type":"EntryPoint","urlTemplate":"https:\/\/fugadosalcatraz.com\/?s={search_term_string}"},"query-input":{"@type":"PropertyValueSpecification","valueRequired":true,"valueName":"search_term_string"}}],"inLanguage":"es"},{"@type":"Organization","@id":"https:\/\/fugadosalcatraz.com\/#organization","name":"Grupo de versiones","url":"https:\/\/fugadosalcatraz.com\/","logo":{"@type":"ImageObject","inLanguage":"es","@id":"https:\/\/fugadosalcatraz.com\/#\/schema\/logo\/image\/","url":"https:\/\/fugadosalcatraz.com\/wp-content\/uploads\/2024\/01\/FUGADOS-logo.png","contentUrl":"https:\/\/fugadosalcatraz.com\/wp-content\/uploads\/2024\/01\/FUGADOS-logo.png","width":1200,"height":466,"caption":"Grupo de versiones"},"image":{"@id":"https:\/\/fugadosalcatraz.com\/#\/schema\/logo\/image\/"}}]}},"taxonomy_info":[],"featured_image_src_large":["https:\/\/fugadosalcatraz.com\/wp-content\/uploads\/2022\/05\/Registration-1-787x1024.jpeg",787,1024,true],"author_info":{"display_name":"Patri","author_link":"https:\/\/fugadosalcatraz.com\/es\/author\/patri\/"},"comment_info":0,"_links":{"self":[{"href":"https:\/\/fugadosalcatraz.com\/es\/wp-json\/wp\/v2\/pages\/2306","targetHints":{"allow":["GET"]}}],"collection":[{"href":"https:\/\/fugadosalcatraz.com\/es\/wp-json\/wp\/v2\/pages"}],"about":[{"href":"https:\/\/fugadosalcatraz.com\/es\/wp-json\/wp\/v2\/types\/page"}],"author":[{"embeddable":true,"href":"https:\/\/fugadosalcatraz.com\/es\/wp-json\/wp\/v2\/users\/4"}],"replies":[{"embeddable":true,"href":"https:\/\/fugadosalcatraz.com\/es\/wp-json\/wp\/v2\/comments?post=2306"}],"version-history":[{"count":2,"href":"https:\/\/fugadosalcatraz.com\/es\/wp-json\/wp\/v2\/pages\/2306\/revisions"}],"predecessor-version":[{"id":2330,"href":"https:\/\/fugadosalcatraz.com\/es\/wp-json\/wp\/v2\/pages\/2306\/revisions\/2330"}],"up":[{"embeddable":true,"href":"https:\/\/fugadosalcatraz.com\/es\/wp-json\/wp\/v2\/pages\/927"}],"wp:featuredmedia":[{"embeddable":true,"href":"https:\/\/fugadosalcatraz.com\/es\/wp-json\/wp\/v2\/media\/506"}],"wp:attachment":[{"href":"https:\/\/fugadosalcatraz.com\/es\/wp-json\/wp\/v2\/media?parent=2306"}],"curies":[{"name":"wp","href":"https:\/\/api.w.org\/{rel}","templated":true}]}}